{"id":3010,"date":"2019-03-06T16:10:31","date_gmt":"2019-03-06T16:10:31","guid":{"rendered":"http:\/\/urretxu.desarrolloscode.com\/contacta\/"},"modified":"2019-06-13T07:23:55","modified_gmt":"2019-06-13T07:23:55","slug":"contacta","status":"publish","type":"page","link":"https:\/\/www.caldereriaurretxu.com\/en\/contacta\/","title":{"rendered":"Contact"},"content":{"rendered":"<p>[et_pb_section fb_built=&#8221;1&#8243; disabled_on=&#8221;off|off|off&#8221; admin_label=&#8221;Header Section&#8221; _builder_version=&#8221;3.22.3&#8243; use_background_color_gradient=&#8221;on&#8221; background_color_gradient_start=&#8221;rgba(20,61,88,0.65)&#8221; background_color_gradient_end=&#8221;#0d0e84&#8243; background_color_gradient_overlays_image=&#8221;on&#8221; background_image=&#8221;https:\/\/www.caldereriaurretxu.com\/\/wp-content\/uploads\/2019\/03\/servicio-18-1.jpg&#8221; custom_margin=&#8221;|||&#8221; custom_padding=&#8221;0px|0px|0px|0px&#8221; bottom_divider_style=&#8221;mountains2&#8243; bottom_divider_color=&#8221;rgba(5,41,66,0.3)&#8221; bottom_divider_height=&#8221;20vw&#8221; animation_style=&#8221;slide&#8221; animation_direction=&#8221;top&#8221; animation_intensity_slide=&#8221;3%&#8221; animation_starting_opacity=&#8221;100%&#8221;][et_pb_row custom_padding=&#8221;6vw||6vw|&#8221; background_size_1=&#8221;initial&#8221; disabled_on=&#8221;off|off|off&#8221; _builder_version=&#8221;3.22.3&#8243; background_image=&#8221;https:\/\/www.caldereriaurretxu.com\/\/wp-content\/uploads\/2019\/03\/grid.png&#8221; background_size=&#8221;initial&#8221; background_repeat=&#8221;repeat&#8221; width=&#8221;100%&#8221; max_width=&#8221;100%&#8221; make_fullwidth=&#8221;on&#8221; use_custom_width=&#8221;on&#8221; width_unit=&#8221;off&#8221; custom_width_percent=&#8221;100%&#8221;][et_pb_column type=&#8221;4_4&#8243; _builder_version=&#8221;3.0.47&#8243;][et_pb_text disabled_on=&#8221;off|off|off&#8221; _builder_version=&#8221;3.19.18&#8243; text_font_size=&#8221;20px&#8221; text_line_height=&#8221;1.8em&#8221; header_font=&#8221;|||on|||||&#8221; header_text_align=&#8221;center&#8221; header_font_size=&#8221;4vw&#8221; header_line_height=&#8221;1.5em&#8221; text_orientation=&#8221;center&#8221; background_layout=&#8221;dark&#8221; max_width=&#8221;1080px&#8221; custom_margin=&#8221;|||&#8221; header_font_size_tablet=&#8221;50px&#8221; header_font_size_last_edited=&#8221;on|desktop&#8221; header_line_height_tablet=&#8221;1.1em&#8221; header_line_height_phone=&#8221;1.2em&#8221; header_line_height_last_edited=&#8221;off|desktop&#8221; custom_css_main_element=&#8221;margin: 0 auto;&#8221;]<\/p>\n<h1>INDUSTRIAL sheet metal working<\/h1>\n<p>[\/et_pb_text][\/et_pb_column][\/et_pb_row][\/et_pb_section][et_pb_section fb_built=&#8221;1&#8243; _builder_version=&#8221;3.22.3&#8243; background_color=&#8221;#f2f6f9&#8243; animation_style=&#8221;slide&#8221;][et_pb_row _builder_version=&#8221;3.22.3&#8243; background_size=&#8221;initial&#8221; background_position=&#8221;top_left&#8221; background_repeat=&#8221;repeat&#8221;][et_pb_column type=&#8221;1_3&#8243; _builder_version=&#8221;3.0.47&#8243;][et_pb_blurb title=&#8221;Tel\u00e9fono&#8221; use_icon=&#8221;on&#8221; font_icon=&#8221;%%264%%&#8221; icon_color=&#8221;#0d0e84&#8243; use_icon_font_size=&#8221;on&#8221; icon_font_size=&#8221;60px&#8221; _builder_version=&#8221;3.19.18&#8243; header_font=&#8221;|700||on|||||&#8221; body_text_color=&#8221;#666666&#8243; body_font_size=&#8221;16&#8243; text_orientation=&#8221;center&#8221;]<a href=\"tel:943731615\" style=\"color:#666; font-size:1em;\">943 73 16 15<\/a><br \/>\n[\/et_pb_blurb][\/et_pb_column][et_pb_column type=&#8221;1_3&#8243; _builder_version=&#8221;3.0.47&#8243;][et_pb_blurb title=&#8221;Email&#8221; use_icon=&#8221;on&#8221; font_icon=&#8221;%%238%%&#8221; icon_color=&#8221;#0d0e84&#8243; use_icon_font_size=&#8221;on&#8221; icon_font_size=&#8221;60px&#8221; _builder_version=&#8221;3.19.18&#8243; header_font=&#8221;|700||on|||||&#8221; body_text_color=&#8221;#666666&#8243; body_font_size=&#8221;16&#8243; text_orientation=&#8221;center&#8221;]<a href=\"mailto:urretxu@caldereriaurretxu.com\" style=\"color:#666; font-size:1em;\">urretxu@caldereriaurretxu.com<\/a><br \/>\n[\/et_pb_blurb][\/et_pb_column][et_pb_column type=&#8221;1_3&#8243; _builder_version=&#8221;3.0.47&#8243;][et_pb_blurb title=&#8221;Ubicaci\u00f3n&#8221; use_icon=&#8221;on&#8221; font_icon=&#8221;%%249%%&#8221; icon_color=&#8221;#0d0e84&#8243; use_icon_font_size=&#8221;on&#8221; icon_font_size=&#8221;60px&#8221; _builder_version=&#8221;3.19.18&#8243; header_font=&#8221;|700||on|||||&#8221; body_text_color=&#8221;#666666&#8243; body_font_size=&#8221;16&#8243; text_orientation=&#8221;center&#8221;]Pol\u00edgono Mugitegi, vial D, N\u00ba 30,<br \/>\n20700 Urretxu, Gipuzkoa<br \/>\n<a class=\"orange-link\" href=\"#mapa-urretxu\">See in Map<\/a><br \/>\n[\/et_pb_blurb][\/et_pb_column][\/et_pb_row][\/et_pb_section][et_pb_section fb_built=&#8221;1&#8243; module_id=&#8221;contacto&#8221; _builder_version=&#8221;3.22.3&#8243; background_color=&#8221;#ffffff&#8221; animation_style=&#8221;slide&#8221;][et_pb_row _builder_version=&#8221;3.22.3&#8243; background_size=&#8221;initial&#8221; background_position=&#8221;top_left&#8221; background_repeat=&#8221;repeat&#8221;][et_pb_column type=&#8221;4_4&#8243; _builder_version=&#8221;3.0.47&#8243;][et_pb_text admin_label=&#8221;Get in Touch&#8221; _builder_version=&#8221;3.24&#8243; header_2_font=&#8221;|||on|||||&#8221; header_2_text_align=&#8221;center&#8221; header_2_font_size=&#8221;40px&#8221;]<\/p>\n<h2>Get in Touch<\/h2>\n<p>Do not hesitate to contact us, you can request more information about our services and products by filling out the form. We are looking forward to hear from you.<\/p>\n<p>[\/et_pb_text][et_pb_code _builder_version=&#8221;3.19.18&#8243;]<div role=\"form\" class=\"wpcf7\" id=\"wpcf7-f3015-o1\" lang=\"es-ES\" dir=\"ltr\">\n<div class=\"screen-reader-response\"><p role=\"status\" aria-live=\"polite\" aria-atomic=\"true\"><\/p> <ul><\/ul><\/div>\n<form action=\"\/en\/wp-json\/wp\/v2\/pages\/3010#wpcf7-f3015-o1\" method=\"post\" class=\"wpcf7-form init\" novalidate=\"novalidate\" data-status=\"init\">\n<div style=\"display: none;\">\n<input type=\"hidden\" name=\"_wpcf7\" value=\"3015\" \/>\n<input type=\"hidden\" name=\"_wpcf7_version\" value=\"5.6.3\" \/>\n<input type=\"hidden\" name=\"_wpcf7_locale\" value=\"es_ES\" \/>\n<input type=\"hidden\" name=\"_wpcf7_unit_tag\" value=\"wpcf7-f3015-o1\" \/>\n<input type=\"hidden\" name=\"_wpcf7_container_post\" value=\"0\" \/>\n<input type=\"hidden\" name=\"_wpcf7_posted_data_hash\" value=\"\" \/>\n<input type=\"hidden\" name=\"_wpcf7_recaptcha_response\" value=\"\" \/>\n<\/div>\n<div class=\"et_pb_row\">\n<div class=\"et_pb_column et_pb_column_4_4\">\n        <label> Subject<br \/>\n            <span class=\"wpcf7-form-control-wrap\" data-name=\"your-subject\"><input type=\"text\" name=\"your-subject\" value=\"\" size=\"40\" class=\"wpcf7-form-control wpcf7-text wpcf7-validates-as-required\" aria-required=\"true\" aria-invalid=\"false\" \/><\/span> <\/label>\n    <\/div>\n<\/div>\n<div class=\"et_pb_row\">\n<div class=\"et_pb_column et_pb_column_1_2\">\n        <label> Company<br \/>\n            <span class=\"wpcf7-form-control-wrap\" data-name=\"your-company\"><input type=\"text\" name=\"your-company\" value=\"\" size=\"40\" class=\"wpcf7-form-control wpcf7-text wpcf7-validates-as-required\" aria-required=\"true\" aria-invalid=\"false\" \/><\/span> <\/label><\/p>\n<p>        <label> Tu correo electr\u00f3nico (requerido)<br \/>\n            <span class=\"wpcf7-form-control-wrap\" data-name=\"your-email\"><input type=\"email\" name=\"your-email\" value=\"\" size=\"40\" class=\"wpcf7-form-control wpcf7-text wpcf7-email wpcf7-validates-as-required wpcf7-validates-as-email\" aria-required=\"true\" aria-invalid=\"false\" \/><\/span> <\/label><\/p>\n<\/div>\n<div class=\"et_pb_column et_pb_column_1_2\">\n       <label> Name (requerido)<br \/>\n              <span class=\"wpcf7-form-control-wrap\" data-name=\"your-name\"><input type=\"text\" name=\"your-name\" value=\"\" size=\"40\" class=\"wpcf7-form-control wpcf7-text wpcf7-validates-as-required\" aria-required=\"true\" aria-invalid=\"false\" \/><\/span> <\/label> <\/p>\n<p>       <label> Phone (requerido)<br \/>\n            <span class=\"wpcf7-form-control-wrap\" data-name=\"your-phone\"><input type=\"text\" name=\"your-phone\" value=\"\" size=\"40\" class=\"wpcf7-form-control wpcf7-text wpcf7-validates-as-required\" aria-required=\"true\" aria-invalid=\"false\" \/><\/span> <\/label>\n    <\/div>\n<\/div>\n<div class=\"et_pb_row\">\n<div class=\"et_pb_column et_pb_column_4_4\">\n        <label> Comments<br \/>\n            <span class=\"wpcf7-form-control-wrap\" data-name=\"your-message\"><textarea name=\"your-message\" cols=\"40\" rows=\"10\" class=\"wpcf7-form-control wpcf7-textarea wpcf7-validates-as-required\" aria-required=\"true\" aria-invalid=\"false\"><\/textarea><\/span> <\/label>\n    <\/div>\n<\/div>\n<div class=\"et_pb_row row-acceptance\">\n<div class=\"et_pb_column_4_4 bg-white\">\n        <label><span class=\"wpcf7-form-control-wrap\" data-name=\"acceptance-762\"><span class=\"wpcf7-form-control wpcf7-acceptance\"><span class=\"wpcf7-list-item\"><label><input type=\"checkbox\" name=\"acceptance-762\" value=\"1\" aria-invalid=\"false\" \/><span class=\"wpcf7-list-item-label\">I have read the Legal Notices and I accept the <a href=\"\/politica-privacidad\/\">Privacy Policy<\/a><\/span><\/label><\/span><\/span><\/span><\/label>\n    <\/div>\n<\/div>\n<div class=\"et_pb_row\">\n<div class=\"et_pb_column bg-white\">\n    <\/div>\n<\/div>\n<p><input type=\"submit\" value=\"Send\" class=\"wpcf7-form-control has-spinner wpcf7-submit\" \/><\/p>\n<div class=\"wpcf7-response-output\" aria-hidden=\"true\"><\/div><\/form><\/div>[\/et_pb_code][\/et_pb_column][\/et_pb_row][\/et_pb_section][et_pb_section fb_built=&#8221;1&#8243; module_id=&#8221;mapa-urretxu&#8221; _builder_version=&#8221;3.22.3&#8243; background_color=&#8221;#f2f6f9&#8243; animation_style=&#8221;slide&#8221;][et_pb_row _builder_version=&#8221;3.22.3&#8243; background_size=&#8221;initial&#8221; background_position=&#8221;top_left&#8221; background_repeat=&#8221;repeat&#8221;][et_pb_column type=&#8221;4_4&#8243; _builder_version=&#8221;3.0.47&#8243;][et_pb_text admin_label=&#8221;Where we are at?&#8221; _builder_version=&#8221;3.19.18&#8243; header_2_font=&#8221;|||on|||||&#8221; header_2_text_align=&#8221;center&#8221; header_2_font_size=&#8221;40px&#8221;]<\/p>\n<h2>Where we are at?<\/h2>\n<p>[\/et_pb_text][\/et_pb_column][\/et_pb_row][\/et_pb_section][et_pb_section fb_built=&#8221;1&#8243; fullwidth=&#8221;on&#8221; module_id=&#8221;mapa-urretxu&#8221; _builder_version=&#8221;3.22.3&#8243; animation_style=&#8221;slide&#8221;][et_pb_fullwidth_map address=&#8221;Mugitegi-D Pol., 30, 20700 Urretxu, Gipuzkoa, Espa\u00f1a&#8221; zoom_level=&#8221;15&#8243; address_lat=&#8221;43.0839266&#8243; address_lng=&#8221;-2.3256688999999824&#8243; mouse_wheel=&#8221;off&#8221; _builder_version=&#8221;3.19.18&#8243;][et_pb_map_pin title=&#8221;Calderer\u00eda Urretxu S L&#8221; pin_address=&#8221;Mugitegi-D Pol., 48, 20700 Urretxu, Gipuzkoa, Spain&#8221; pin_address_lat=&#8221;43.084022589057604&#8243; pin_address_lng=&#8221;-2.3256085502971473&#8243; _builder_version=&#8221;3.19.18&#8243;]Pol\u00edgono Mugitegi, vial D, N\u00ba 30,<br \/>\n20700 Urretxu, Gipuzkoa<\/p>\n<p>TELEPHONE:  943 73 16 15<br \/>\nEMAIL: urretxu@caldereriaurretxu.com<br \/>\n[\/et_pb_map_pin][\/et_pb_fullwidth_map][\/et_pb_section][et_pb_section fb_built=&#8221;1&#8243; admin_label=&#8221;Footer Section&#8221; _builder_version=&#8221;3.19.18&#8243; use_background_color_gradient=&#8221;on&#8221; background_color_gradient_start=&#8221;rgba(20,61,88,0.65)&#8221; background_color_gradient_end=&#8221;#0d0e84&#8243; background_color_gradient_overlays_image=&#8221;on&#8221; background_image=&#8221;https:\/\/www.caldereriaurretxu.com\/\/wp-content\/uploads\/2019\/03\/bg-footer.jpg&#8221; custom_margin=&#8221;|||&#8221; custom_padding=&#8221;8vw|0px|8vw|0px&#8221; bottom_divider_style=&#8221;mountains2&#8243; bottom_divider_color=&#8221;rgba(5,41,66,0.3)&#8221; bottom_divider_height=&#8221;50%&#8221; animation_style=&#8221;slide&#8221; animation_direction=&#8221;bottom&#8221; animation_intensity_slide=&#8221;6%&#8221; animation_starting_opacity=&#8221;100%&#8221; global_module=&#8221;2757&#8243; saved_tabs=&#8221;all&#8221;][et_pb_row custom_padding=&#8221;|||&#8221; admin_label=&#8221;Footer Row&#8221; _builder_version=&#8221;3.22.3&#8243;][et_pb_column type=&#8221;4_4&#8243; _builder_version=&#8221;3.0.47&#8243;][et_pb_text admin_label=&#8221;Industrial sheet metal working&#8221; _builder_version=&#8221;3.24&#8243; text_text_color=&#8221;#a4bccb&#8221; text_font_size=&#8221;20px&#8221; text_line_height=&#8221;1.5em&#8221; header_2_font=&#8221;|||on|||||&#8221; header_2_text_align=&#8221;center&#8221; header_2_line_height=&#8221;1.5em&#8221; header_3_font=&#8221;|||on|||||&#8221; header_3_text_align=&#8221;center&#8221; header_3_font_size=&#8221;40px&#8221; header_3_line_height=&#8221;1.5em&#8221; text_orientation=&#8221;center&#8221; background_layout=&#8221;dark&#8221; max_width=&#8221;700px&#8221; module_alignment=&#8221;center&#8221; custom_margin=&#8221;||0px|&#8221; z_index_tablet=&#8221;500&#8243; text_text_shadow_horizontal_length_tablet=&#8221;0px&#8221; text_text_shadow_vertical_length_tablet=&#8221;0px&#8221; text_text_shadow_blur_strength_tablet=&#8221;1px&#8221; link_text_shadow_horizontal_length_tablet=&#8221;0px&#8221; link_text_shadow_vertical_length_tablet=&#8221;0px&#8221; link_text_shadow_blur_strength_tablet=&#8221;1px&#8221; ul_text_shadow_horizontal_length_tablet=&#8221;0px&#8221; ul_text_shadow_vertical_length_tablet=&#8221;0px&#8221; ul_text_shadow_blur_strength_tablet=&#8221;1px&#8221; ol_text_shadow_horizontal_length_tablet=&#8221;0px&#8221; ol_text_shadow_vertical_length_tablet=&#8221;0px&#8221; ol_text_shadow_blur_strength_tablet=&#8221;1px&#8221; quote_text_shadow_horizontal_length_tablet=&#8221;0px&#8221; quote_text_shadow_vertical_length_tablet=&#8221;0px&#8221; quote_text_shadow_blur_strength_tablet=&#8221;1px&#8221; header_text_shadow_horizontal_length_tablet=&#8221;0px&#8221; header_text_shadow_vertical_length_tablet=&#8221;0px&#8221; header_text_shadow_blur_strength_tablet=&#8221;1px&#8221; header_2_text_shadow_horizontal_length_tablet=&#8221;0px&#8221; header_2_text_shadow_vertical_length_tablet=&#8221;0px&#8221; header_2_text_shadow_blur_strength_tablet=&#8221;1px&#8221; header_3_font_size_phone=&#8221;30px&#8221; header_3_font_size_last_edited=&#8221;on|phone&#8221; header_3_text_shadow_horizontal_length_tablet=&#8221;0px&#8221; header_3_text_shadow_vertical_length_tablet=&#8221;0px&#8221; header_3_text_shadow_blur_strength_tablet=&#8221;1px&#8221; header_4_text_shadow_horizontal_length_tablet=&#8221;0px&#8221; header_4_text_shadow_vertical_length_tablet=&#8221;0px&#8221; header_4_text_shadow_blur_strength_tablet=&#8221;1px&#8221; header_5_text_shadow_horizontal_length_tablet=&#8221;0px&#8221; header_5_text_shadow_vertical_length_tablet=&#8221;0px&#8221; header_5_text_shadow_blur_strength_tablet=&#8221;1px&#8221; header_6_text_shadow_horizontal_length_tablet=&#8221;0px&#8221; header_6_text_shadow_vertical_length_tablet=&#8221;0px&#8221; header_6_text_shadow_blur_strength_tablet=&#8221;1px&#8221; box_shadow_horizontal_tablet=&#8221;0px&#8221; box_shadow_vertical_tablet=&#8221;0px&#8221; box_shadow_blur_tablet=&#8221;40px&#8221; box_shadow_spread_tablet=&#8221;0px&#8221;]<\/p>\n<h2>Industrial sheet metal working<\/h2>\n<h3>Engineering, mechanical development and elaboration of custom projects<\/h3>\n<\/p>\n<p>[\/et_pb_text][\/et_pb_column][\/et_pb_row][et_pb_row custom_padding=&#8221;|||&#8221; admin_label=&#8221;CTA Row&#8221; _builder_version=&#8221;3.22.3&#8243;][et_pb_column type=&#8221;4_4&#8243; _builder_version=&#8221;3.0.47&#8243;][et_pb_blurb title=&#8221;Get in touch&#8221; image=&#8221;https:\/\/www.caldereriaurretxu.com\/\/wp-content\/uploads\/2019\/02\/Call_icon.png&#8221; admin_label=&#8221;CTA&#8221; _builder_version=&#8221;3.19.18&#8243; header_text_color=&#8221;#a4bccb&#8221; header_font_size=&#8221;20px&#8221; header_line_height=&#8221;1.5em&#8221; body_font=&#8221;Montserrat|500|||||||&#8221; body_text_align=&#8221;center&#8221; body_font_size=&#8221;30px&#8221; text_orientation=&#8221;center&#8221; background_layout=&#8221;dark&#8221; animation=&#8221;off&#8221;]<\/p>\n<p><a href=\"callto:943731615\">943 73 16 15<\/a><\/p>\n<p>or<\/p>\n<p>[\/et_pb_blurb][et_pb_button button_url=&#8221;\/en\/contacta\/#contacto&#8221; button_text=&#8221;Ask for more information&#8221; button_alignment=&#8221;center&#8221; admin_label=&#8221;Ask for more information&#8221; _builder_version=&#8221;3.19.18&#8243; custom_button=&#8221;on&#8221; button_text_size=&#8221;14px&#8221; button_text_color=&#8221;#ffffff&#8221; button_bg_color=&#8221;#f6961b&#8221; button_border_width=&#8221;12px&#8221; button_border_color=&#8221;#f6961b&#8221; button_border_radius=&#8221;2px&#8221; button_font=&#8221;|700||on|||||&#8221; custom_margin=&#8221;30px|||&#8221; custom_padding=&#8221;|||&#8221; locked=&#8221;off&#8221; button_text_size__hover_enabled=&#8221;off&#8221; button_text_size__hover=&#8221;null&#8221; button_one_text_size__hover_enabled=&#8221;off&#8221; button_one_text_size__hover=&#8221;null&#8221; button_two_text_size__hover_enabled=&#8221;off&#8221; button_two_text_size__hover=&#8221;null&#8221; button_text_color__hover_enabled=&#8221;off&#8221; button_text_color__hover=&#8221;null&#8221; button_one_text_color__hover_enabled=&#8221;off&#8221; button_one_text_color__hover=&#8221;null&#8221; button_two_text_color__hover_enabled=&#8221;off&#8221; button_two_text_color__hover=&#8221;null&#8221; button_border_width__hover_enabled=&#8221;off&#8221; button_border_width__hover=&#8221;null&#8221; button_one_border_width__hover_enabled=&#8221;off&#8221; button_one_border_width__hover=&#8221;null&#8221; button_two_border_width__hover_enabled=&#8221;off&#8221; button_two_border_width__hover=&#8221;null&#8221; button_border_color__hover_enabled=&#8221;off&#8221; button_border_color__hover=&#8221;null&#8221; button_one_border_color__hover_enabled=&#8221;off&#8221; button_one_border_color__hover=&#8221;null&#8221; button_two_border_color__hover_enabled=&#8221;off&#8221; button_two_border_color__hover=&#8221;null&#8221; button_border_radius__hover_enabled=&#8221;on&#8221; button_border_radius__hover=&#8221;4px&#8221; button_one_border_radius__hover_enabled=&#8221;off&#8221; button_one_border_radius__hover=&#8221;null&#8221; button_two_border_radius__hover_enabled=&#8221;off&#8221; button_two_border_radius__hover=&#8221;null&#8221; button_letter_spacing__hover_enabled=&#8221;off&#8221; button_letter_spacing__hover=&#8221;null&#8221; button_one_letter_spacing__hover_enabled=&#8221;off&#8221; button_one_letter_spacing__hover=&#8221;null&#8221; button_two_letter_spacing__hover_enabled=&#8221;off&#8221; button_two_letter_spacing__hover=&#8221;null&#8221; button_bg_color__hover_enabled=&#8221;off&#8221; button_bg_color__hover=&#8221;null&#8221; button_one_bg_color__hover_enabled=&#8221;off&#8221; button_one_bg_color__hover=&#8221;null&#8221; button_two_bg_color__hover_enabled=&#8221;off&#8221; button_two_bg_color__hover=&#8221;null&#8221;][\/et_pb_button][\/et_pb_column][\/et_pb_row][\/et_pb_section]<\/p>\n","protected":false},"excerpt":{"rendered":"<p>INDUSTRIAL sheet metal working &#xe090; Tel\u00e9fono 943 73 16 15 &#xe076; Email urretxu@caldereriaurretxu.com &#xe081; Ubicaci\u00f3n Pol\u00edgono Mugitegi, vial D, N\u00ba 30, 20700 Urretxu, Gipuzkoa See in Map Get in Touch Do not hesitate to contact us, you can request more information about our services and products by filling out the form. We are looking forward [&hellip;]<\/p>\n","protected":false},"author":1,"featured_media":0,"parent":0,"menu_order":0,"comment_status":"closed","ping_status":"closed","template":"","meta":{"_et_pb_use_builder":"on","_et_pb_old_content":"","_et_gb_content_width":"","_mi_skip_tracking":false},"yoast_head":"<!-- This site is optimized with the Yoast SEO plugin v17.1 - https:\/\/yoast.com\/wordpress\/plugins\/seo\/ -->\n<title>Contact - Calderer\u00eda Industrial<\/title>\n<meta name=\"description\" content=\"empresa con m\u00e1s de 21 a\u00f1os de experiencia en el sector de la m\u00e1quina herramienta, y m\u00e1s concretamente en las \u00e1reas de defensas telesc\u00f3picas, carenados y calderer\u00eda en general.\" \/>\n<meta name=\"robots\" content=\"index, follow, max-snippet:-1, max-image-preview:large, max-video-preview:-1\" \/>\n<link rel=\"canonical\" href=\"https:\/\/www.caldereriaurretxu.com\/en\/contacta\/\" \/>\n<meta property=\"og:locale\" content=\"en_US\" \/>\n<meta property=\"og:type\" content=\"article\" \/>\n<meta property=\"og:title\" content=\"Contact - Calderer\u00eda Industrial\" \/>\n<meta property=\"og:description\" content=\"empresa con m\u00e1s de 21 a\u00f1os de experiencia en el sector de la m\u00e1quina herramienta, y m\u00e1s concretamente en las \u00e1reas de defensas telesc\u00f3picas, carenados y calderer\u00eda en general.\" \/>\n<meta property=\"og:url\" content=\"https:\/\/www.caldereriaurretxu.com\/en\/contacta\/\" \/>\n<meta property=\"og:site_name\" content=\"Calderer\u00eda Urretxu\" \/>\n<meta property=\"article:modified_time\" content=\"2019-06-13T07:23:55+00:00\" \/>\n<meta name=\"twitter:card\" content=\"summary_large_image\" \/>\n<meta name=\"twitter:label1\" content=\"Est. reading time\" \/>\n\t<meta name=\"twitter:data1\" content=\"8 minutes\" \/>\n<script type=\"application\/ld+json\" class=\"yoast-schema-graph\">{\"@context\":\"https:\/\/schema.org\",\"@graph\":[{\"@type\":\"Organization\",\"@id\":\"https:\/\/www.caldereriaurretxu.com\/#organization\",\"name\":\"Calderer\\u00eda Urretxu S.L\",\"url\":\"https:\/\/www.caldereriaurretxu.com\/\",\"sameAs\":[],\"logo\":{\"@type\":\"ImageObject\",\"@id\":\"https:\/\/www.caldereriaurretxu.com\/#logo\",\"inLanguage\":\"en-US\",\"url\":\"https:\/\/www.caldereriaurretxu.com\/wp-content\/uploads\/2019\/02\/logourretxu.jpg\",\"contentUrl\":\"https:\/\/www.caldereriaurretxu.com\/wp-content\/uploads\/2019\/02\/logourretxu.jpg\",\"width\":379,\"height\":109,\"caption\":\"Calderer\\u00eda Urretxu S.L\"},\"image\":{\"@id\":\"https:\/\/www.caldereriaurretxu.com\/#logo\"}},{\"@type\":\"WebSite\",\"@id\":\"https:\/\/www.caldereriaurretxu.com\/#website\",\"url\":\"https:\/\/www.caldereriaurretxu.com\/\",\"name\":\"Calderer\\u00eda Urretxu\",\"description\":\"Producci\\u00f3n de estructuras met\\u00e1licas\",\"publisher\":{\"@id\":\"https:\/\/www.caldereriaurretxu.com\/#organization\"},\"potentialAction\":[{\"@type\":\"SearchAction\",\"target\":{\"@type\":\"EntryPoint\",\"urlTemplate\":\"https:\/\/www.caldereriaurretxu.com\/?s={search_term_string}\"},\"query-input\":\"required name=search_term_string\"}],\"inLanguage\":\"en-US\"},{\"@type\":\"WebPage\",\"@id\":\"https:\/\/www.caldereriaurretxu.com\/en\/contacta\/#webpage\",\"url\":\"https:\/\/www.caldereriaurretxu.com\/en\/contacta\/\",\"name\":\"Contact - Calderer\\u00eda Industrial\",\"isPartOf\":{\"@id\":\"https:\/\/www.caldereriaurretxu.com\/#website\"},\"datePublished\":\"2019-03-06T16:10:31+00:00\",\"dateModified\":\"2019-06-13T07:23:55+00:00\",\"description\":\"empresa con m\\u00e1s de 21 a\\u00f1os de experiencia en el sector de la m\\u00e1quina herramienta, y m\\u00e1s concretamente en las \\u00e1reas de defensas telesc\\u00f3picas, carenados y calderer\\u00eda en general.\",\"breadcrumb\":{\"@id\":\"https:\/\/www.caldereriaurretxu.com\/en\/contacta\/#breadcrumb\"},\"inLanguage\":\"en-US\",\"potentialAction\":[{\"@type\":\"ReadAction\",\"target\":[\"https:\/\/www.caldereriaurretxu.com\/en\/contacta\/\"]}]},{\"@type\":\"BreadcrumbList\",\"@id\":\"https:\/\/www.caldereriaurretxu.com\/en\/contacta\/#breadcrumb\",\"itemListElement\":[{\"@type\":\"ListItem\",\"position\":1,\"name\":\"Portada\",\"item\":\"https:\/\/www.caldereriaurretxu.com\/en\/\"},{\"@type\":\"ListItem\",\"position\":2,\"name\":\"Contact\"}]}]}<\/script>\n<!-- \/ Yoast SEO plugin. -->","yoast_head_json":{"title":"Contact - Calderer\u00eda Industrial","description":"empresa con m\u00e1s de 21 a\u00f1os de experiencia en el sector de la m\u00e1quina herramienta, y m\u00e1s concretamente en las \u00e1reas de defensas telesc\u00f3picas, carenados y calderer\u00eda en general.","robots":{"index":"index","follow":"follow","max-snippet":"max-snippet:-1","max-image-preview":"max-image-preview:large","max-video-preview":"max-video-preview:-1"},"canonical":"https:\/\/www.caldereriaurretxu.com\/en\/contacta\/","og_locale":"en_US","og_type":"article","og_title":"Contact - Calderer\u00eda Industrial","og_description":"empresa con m\u00e1s de 21 a\u00f1os de experiencia en el sector de la m\u00e1quina herramienta, y m\u00e1s concretamente en las \u00e1reas de defensas telesc\u00f3picas, carenados y calderer\u00eda en general.","og_url":"https:\/\/www.caldereriaurretxu.com\/en\/contacta\/","og_site_name":"Calderer\u00eda Urretxu","article_modified_time":"2019-06-13T07:23:55+00:00","twitter_card":"summary_large_image","twitter_misc":{"Est. reading time":"8 minutes"},"schema":{"@context":"https:\/\/schema.org","@graph":[{"@type":"Organization","@id":"https:\/\/www.caldereriaurretxu.com\/#organization","name":"Calderer\u00eda Urretxu S.L","url":"https:\/\/www.caldereriaurretxu.com\/","sameAs":[],"logo":{"@type":"ImageObject","@id":"https:\/\/www.caldereriaurretxu.com\/#logo","inLanguage":"en-US","url":"https:\/\/www.caldereriaurretxu.com\/wp-content\/uploads\/2019\/02\/logourretxu.jpg","contentUrl":"https:\/\/www.caldereriaurretxu.com\/wp-content\/uploads\/2019\/02\/logourretxu.jpg","width":379,"height":109,"caption":"Calderer\u00eda Urretxu S.L"},"image":{"@id":"https:\/\/www.caldereriaurretxu.com\/#logo"}},{"@type":"WebSite","@id":"https:\/\/www.caldereriaurretxu.com\/#website","url":"https:\/\/www.caldereriaurretxu.com\/","name":"Calderer\u00eda Urretxu","description":"Producci\u00f3n de estructuras met\u00e1licas","publisher":{"@id":"https:\/\/www.caldereriaurretxu.com\/#organization"},"potentialAction":[{"@type":"SearchAction","target":{"@type":"EntryPoint","urlTemplate":"https:\/\/www.caldereriaurretxu.com\/?s={search_term_string}"},"query-input":"required name=search_term_string"}],"inLanguage":"en-US"},{"@type":"WebPage","@id":"https:\/\/www.caldereriaurretxu.com\/en\/contacta\/#webpage","url":"https:\/\/www.caldereriaurretxu.com\/en\/contacta\/","name":"Contact - Calderer\u00eda Industrial","isPartOf":{"@id":"https:\/\/www.caldereriaurretxu.com\/#website"},"datePublished":"2019-03-06T16:10:31+00:00","dateModified":"2019-06-13T07:23:55+00:00","description":"empresa con m\u00e1s de 21 a\u00f1os de experiencia en el sector de la m\u00e1quina herramienta, y m\u00e1s concretamente en las \u00e1reas de defensas telesc\u00f3picas, carenados y calderer\u00eda en general.","breadcrumb":{"@id":"https:\/\/www.caldereriaurretxu.com\/en\/contacta\/#breadcrumb"},"inLanguage":"en-US","potentialAction":[{"@type":"ReadAction","target":["https:\/\/www.caldereriaurretxu.com\/en\/contacta\/"]}]},{"@type":"BreadcrumbList","@id":"https:\/\/www.caldereriaurretxu.com\/en\/contacta\/#breadcrumb","itemListElement":[{"@type":"ListItem","position":1,"name":"Portada","item":"https:\/\/www.caldereriaurretxu.com\/en\/"},{"@type":"ListItem","position":2,"name":"Contact"}]}]}},"_links":{"self":[{"href":"https:\/\/www.caldereriaurretxu.com\/en\/wp-json\/wp\/v2\/pages\/3010"}],"collection":[{"href":"https:\/\/www.caldereriaurretxu.com\/en\/wp-json\/wp\/v2\/pages"}],"about":[{"href":"https:\/\/www.caldereriaurretxu.com\/en\/wp-json\/wp\/v2\/types\/page"}],"author":[{"embeddable":true,"href":"https:\/\/www.caldereriaurretxu.com\/en\/wp-json\/wp\/v2\/users\/1"}],"replies":[{"embeddable":true,"href":"https:\/\/www.caldereriaurretxu.com\/en\/wp-json\/wp\/v2\/comments?post=3010"}],"version-history":[{"count":5,"href":"https:\/\/www.caldereriaurretxu.com\/en\/wp-json\/wp\/v2\/pages\/3010\/revisions"}],"predecessor-version":[{"id":3225,"href":"https:\/\/www.caldereriaurretxu.com\/en\/wp-json\/wp\/v2\/pages\/3010\/revisions\/3225"}],"wp:attachment":[{"href":"https:\/\/www.caldereriaurretxu.com\/en\/wp-json\/wp\/v2\/media?parent=3010"}],"curies":[{"name":"wp","href":"https:\/\/api.w.org\/{rel}","templated":true}]}}